{"id":239391,"date":"2021-04-09T19:21:07","date_gmt":"2021-04-09T17:21:07","guid":{"rendered":"https:\/\/avantemedios.com\/?post_type=project&#038;p=239391"},"modified":"2021-08-23T09:31:07","modified_gmt":"2021-08-23T07:31:07","slug":"egm-1o-acumulado-movil-castilla-la-mancha-2021","status":"publish","type":"project","link":"https:\/\/avantemedios.com\/ca\/informamos\/egm-1o-acumulado-movil-castilla-la-mancha-2021\/","title":{"rendered":"EGM 1\u00ba acumulado m\u00f3vil LA MANCHA 2021"},"content":{"rendered":"\n[et_pb_section fb_built=\u00bb1&#8243; custom_padding_last_edited=\u00bbon|desktop\u00bb _builder_version=\u00bb4.5.1&#8243; background_enable_color=\u00bboff\u00bb background_enable_image=\u00bboff\u00bb background_position=\u00bbtop_center\u00bb custom_padding=\u00bb9vw||0vw||false|false\u00bb custom_padding_tablet=\u00bb\u00bb custom_padding_phone=\u00bb\u00bb][et_pb_row custom_padding_last_edited=\u00bbon|phone\u00bb _builder_version=\u00bb4.5.1&#8243; custom_margin=\u00bb|||\u00bb custom_padding=\u00bb0px|0px|0px|0px\u00bb custom_padding_tablet=\u00bb\u00bb custom_padding_phone=\u00bb11vw|0px|0px|0px|false|false\u00bb][et_pb_column type=\u00bb4_4&#8243; _builder_version=\u00bb4.5.1&#8243; custom_padding=\u00bb|||\u00bb custom_padding__hover=\u00bb|||\u00bb][et_pb_image src=\u00bbhttps:\/\/avantemedios.com\/wp-content\/uploads\/2021\/04\/Informe-Datos-EGM-Castilla-La-Mancha.jpg\u00bb alt=\u00bbInforme-Datos-EGM-Castilla La Mancha\u00bb title_text=\u00bbInforme-Datos-EGM-Castilla-La-Mancha\u00bb force_fullwidth=\u00bbon\u00bb align_tablet=\u00bbcenter\u00bb align_phone=\u00bb\u00bb align_last_edited=\u00bbon|desktop\u00bb _builder_version=\u00bb4.5.1&#8243;][\/et_pb_image][\/et_pb_column][\/et_pb_row][\/et_pb_section][et_pb_section fb_built=\u00bb1&#8243; custom_padding_last_edited=\u00bbon|desktop\u00bb _builder_version=\u00bb4.5.1&#8243; _module_preset=\u00bbdefault\u00bb custom_padding=\u00bb0vw||||false|false\u00bb custom_padding_tablet=\u00bb\u00bb custom_padding_phone=\u00bb\u00bb][et_pb_row _builder_version=\u00bb4.5.1&#8243; _module_preset=\u00bbdefault\u00bb min_height=\u00bb91px\u00bb custom_margin=\u00bb-2px|auto||auto||\u00bb custom_padding=\u00bb50px|||||\u00bb][et_pb_column type=\u00bb4_4&#8243; _builder_version=\u00bb4.5.1&#8243; _module_preset=\u00bbdefault\u00bb][et_pb_divider color=\u00bb#ffffff\u00bb _builder_version=\u00bb4.5.1&#8243; _module_preset=\u00bbdefault\u00bb][\/et_pb_divider][\/et_pb_column][\/et_pb_row][et_pb_row column_structure=\u00bb3_5,2_5&#8243; _builder_version=\u00bb4.5.1&#8243; _module_preset=\u00bbdefault\u00bb custom_margin=\u00bb-2px|auto||auto||\u00bb custom_padding=\u00bb2px|||||\u00bb][et_pb_column type=\u00bb3_5&#8243; _builder_version=\u00bb4.5.1&#8243; _module_preset=\u00bbdefault\u00bb][et_pb_text _builder_version=\u00bb4.5.1&#8243; _module_preset=\u00bbdefault\u00bb text_font=\u00bbMontserrat|700|||||||\u00bb text_text_color=\u00bb#b2292e\u00bb text_font_size=\u00bb24px\u00bb text_line_height=\u00bb2em\u00bb custom_margin=\u00bb4px||7px||false|false\u00bb]<p>INFORME EGM CASTILLA LA MANCHA<\/p>[\/et_pb_text][et_pb_text _builder_version=\u00bb4.5.1&#8243; _module_preset=\u00bbdefault\u00bb text_font=\u00bbMontserrat||||||||\u00bb text_text_color=\u00bbrgba(0,0,0,0.67)\u00bb]<p><span data-contrast=\"auto\">Tras la cancelaci\u00f3n de la segunda ola del EGM debido al COVID19, los datos de esta tercera ola son muy esperados. El trabajo de campo se realiz\u00f3 entre el 9<\/span><span data-contrast=\"auto\">-sep<\/span><span data-contrast=\"auto\">\u00a0y el 17<\/span><span data-contrast=\"auto\">-nov de 2020<\/span><span data-contrast=\"auto\">, \u00e9poca de relativa calma en lo que a la situaci\u00f3n sanitaria se refiere, y que no refleja las audiencias durante los meses de confinamiento.\u00a0<\/span><span data-ccp-props=\"{&quot;335551550&quot;:6,&quot;335551620&quot;:6,&quot;335559731&quot;:708}\">\u00a0<\/span><\/p>\n<p><span data-contrast=\"auto\">Los datos publica<\/span><span data-contrast=\"auto\">dos reflejan una p<\/span><span data-contrast=\"auto\">erdida generalizada de audiencia en este 3er Acumulado M\u00f3vil de 2020. Todos los medios, a excepci\u00f3n de\u00a0<\/span><b><span data-contrast=\"auto\">Televisi\u00f3n<\/span><\/b><span data-contrast=\"auto\">, decrecen.<\/span><span data-ccp-props=\"{&quot;335551550&quot;:6,&quot;335551620&quot;:6,&quot;335559731&quot;:708}\">\u00a0<\/span><\/p>\n<p><span data-contrast=\"auto\">El medio\u00a0<\/span><b><span data-contrast=\"auto\">Exterior<\/span><\/b><span data-contrast=\"auto\">\u00a0<\/span><span data-contrast=\"auto\">contin\u00faa liderando<\/span><span data-contrast=\"auto\">\u00a0el ranking,\u00a0<\/span><b><span data-contrast=\"auto\">Televisi\u00f3n<\/span><\/b><span data-contrast=\"auto\">\u00a0<\/span><span data-contrast=\"auto\">mantiene\u00a0<\/span><span data-contrast=\"auto\">e<\/span><span data-contrast=\"auto\">l<\/span><span data-contrast=\"auto\">\u00a0segundo lugar,\u00a0<\/span><span data-contrast=\"auto\">ganando 12.000 espectadores\u00a0<\/span><span data-contrast=\"auto\">en comparaci\u00f3n con el mismo per\u00edodo del a\u00f1o anterior.<\/span><span data-contrast=\"auto\">\u00a0<\/span><b><span data-contrast=\"auto\">Internet<\/span><\/b><span data-contrast=\"auto\">, en tercer lugar,\u00a0<\/span><span data-contrast=\"auto\">desciende 43.000 usuarios<\/span><span data-contrast=\"auto\">. La<\/span><b><span data-contrast=\"auto\">\u00a0<\/span><\/b><b><span data-contrast=\"auto\">Radio<\/span><\/b><span data-contrast=\"auto\">\u00a0se mantiene en cuarto lugar, con una penetraci\u00f3n que supera el 60%.\u00a0<\/span><span data-contrast=\"auto\">Los<\/span><span data-contrast=\"auto\">\u00a0medios impresos<\/span><span data-contrast=\"auto\">\u00a0<\/span><span data-contrast=\"auto\">soportan las mayores p\u00e9rdidas<\/span><span data-contrast=\"auto\">,\u00a0<\/span><b><span data-contrast=\"auto\">Revistas<\/span><\/b><span data-contrast=\"auto\">\u00a0<\/span><span data-contrast=\"auto\">(-<\/span><span data-contrast=\"auto\">12<\/span><span data-contrast=\"auto\">%,<\/span><span data-contrast=\"auto\">\u00a0<\/span><span data-contrast=\"auto\">48<\/span><span data-contrast=\"auto\">.000 lectores menos)<\/span><span data-contrast=\"auto\">,<\/span><span data-contrast=\"auto\">\u00a0<\/span><b><span data-contrast=\"auto\">Diarios<\/span><\/b><span data-contrast=\"auto\">\u00a0<\/span><span data-contrast=\"auto\">(<\/span><span data-contrast=\"auto\">-12<\/span><span data-contrast=\"auto\">%,\u00a0<\/span><span data-contrast=\"auto\">45<\/span><span data-contrast=\"auto\">.000 lectores menos)\u00a0<\/span><span data-contrast=\"auto\">y<\/span><span data-contrast=\"auto\">\u00a0<\/span><b><span data-contrast=\"auto\">Suplementos<\/span><\/b><span data-contrast=\"auto\">\u00a0<\/span><span data-contrast=\"auto\">(-37% 58.000 lectores menos)<\/span><span data-contrast=\"auto\">. El\u00a0<\/span><b><span data-contrast=\"auto\">Cine<\/span><\/b><span data-contrast=\"auto\">, que tambi\u00e9n decrece<\/span><span data-contrast=\"auto\">\u00a0(<\/span><span data-contrast=\"auto\">-25<\/span><span data-contrast=\"auto\">.000<\/span><span data-contrast=\"auto\">, un\u00a0<\/span><span data-contrast=\"auto\">-38<\/span><span data-contrast=\"auto\">%<\/span><span data-contrast=\"auto\">)\u00a0<\/span><span data-contrast=\"auto\">ocupa el \u00faltimo lugar.<\/span><span data-ccp-props=\"{&quot;335551550&quot;:6,&quot;335551620&quot;:6,&quot;335559731&quot;:708}\">\u00a0<\/span><\/p>\n<p><span data-ccp-props=\"{&quot;335551550&quot;:6,&quot;335551620&quot;:6}\"><\/span><\/p>\n<p><span data-ccp-props=\"{&quot;335551550&quot;:6,&quot;335551620&quot;:6}\"><\/span><\/p>\n<p><span style=\"color: #33cccc;\"><strong>\u00bfTE INTERESA EL INFORME COMPLETO?<\/strong><\/span><\/p>\n<p><strong>Rellena el formulario para descargar el informe completo o<\/strong><strong style=\"font-size: 14px;\">\u00a0ponte en contacto con nosotros si est\u00e1s interesado en obtener el informe EGM con los datos de tu provincia.<\/strong><\/p>[\/et_pb_text][\/et_pb_column][et_pb_column type=\u00bb2_5&#8243; _builder_version=\u00bb4.5.1&#8243; _module_preset=\u00bbdefault\u00bb][et_pb_code _builder_version=\u00bb4.5.1&#8243; _module_preset=\u00bbdefault\u00bb]<div class=\"wpforms-container wpforms-container-full\" id=\"wpforms-239403\"><form id=\"wpforms-form-239403\" class=\"wpforms-validate wpforms-form\" data-formid=\"239403\" method=\"post\" enctype=\"multipart\/form-data\" action=\"\/ca\/wp-json\/wp\/v2\/project\/239391\" data-token=\"53851a9f39e84ae6bcd08469b6fc98eb\" data-token-time=\"1777095876\"><noscript class=\"wpforms-error-noscript\">Activeu el JavaScript al navegador per a poder completar el formulari.<\/noscript><div class=\"wpforms-field-container\"><div id=\"wpforms-239403-field_1-container\" class=\"wpforms-field wpforms-field-name\" data-field-id=\"1\"><label class=\"wpforms-field-label\" for=\"wpforms-239403-field_1\">Nombre <span class=\"wpforms-required-label\">*<\/span><\/label><input type=\"text\" id=\"wpforms-239403-field_1\" class=\"wpforms-field-large wpforms-field-required\" name=\"wpforms[fields][1]\" required><\/div><div id=\"wpforms-239403-field_7-container\" class=\"wpforms-field wpforms-field-text\" data-field-id=\"7\"><label class=\"wpforms-field-label\" for=\"wpforms-239403-field_7\">Apellidos <span class=\"wpforms-required-label\">*<\/span><\/label><input type=\"text\" id=\"wpforms-239403-field_7\" class=\"wpforms-field-large wpforms-field-required\" name=\"wpforms[fields][7]\" required><\/div><div id=\"wpforms-239403-field_2-container\" class=\"wpforms-field wpforms-field-email\" data-field-id=\"2\"><label class=\"wpforms-field-label\" for=\"wpforms-239403-field_2\">Correo electr\u00f3nico <span class=\"wpforms-required-label\">*<\/span><\/label><input type=\"email\" id=\"wpforms-239403-field_2\" class=\"wpforms-field-large wpforms-field-required\" name=\"wpforms[fields][2]\" spellcheck=\"false\" required><\/div><div id=\"wpforms-239403-field_4-container\" class=\"wpforms-field wpforms-field-text\" data-field-id=\"4\"><label class=\"wpforms-field-label\" for=\"wpforms-239403-field_4\">Empresa <span class=\"wpforms-required-label\">*<\/span><\/label><input type=\"text\" id=\"wpforms-239403-field_4\" class=\"wpforms-field-large wpforms-field-required\" name=\"wpforms[fields][4]\" required><\/div><div id=\"wpforms-239403-field_5-container\" class=\"wpforms-field wpforms-field-text\" data-field-id=\"5\"><label class=\"wpforms-field-label\" for=\"wpforms-239403-field_5\">Puesto en la empresa <span class=\"wpforms-required-label\">*<\/span><\/label><input type=\"text\" id=\"wpforms-239403-field_5\" class=\"wpforms-field-large wpforms-field-required\" name=\"wpforms[fields][5]\" required><\/div><div id=\"wpforms-239403-field_6-container\" class=\"wpforms-field wpforms-field-gdpr-checkbox\" data-field-id=\"6\"><label class=\"wpforms-field-label wpforms-label-hide\">Acuerdo RGPD  <span class=\"wpforms-required-label\">*<\/span><\/label><ul id=\"wpforms-239403-field_6\" class=\"wpforms-field-required\"><li class=\"choice-1\"><input type=\"checkbox\" id=\"wpforms-239403-field_6_1\" name=\"wpforms[fields][6][]\" value=\"He le\u00eddo el &lt;a href=&quot;http:\/\/avantemedios.com\/?page_id=3\/&quot; target=&quot;_blank&quot;&gt;Aviso Legal&lt;\/a&gt; y acepto la &lt;a href=&quot;http:\/\/avantemedios.com\/?page_id=3\/&quot; target=&quot;_blank&quot;&gt;Pol\u00edtica de Privacidad&lt;\/a&gt;\" required ><label class=\"wpforms-field-label-inline\" for=\"wpforms-239403-field_6_1\">He le\u00eddo el <a href=\"http:\/\/avantemedios.com\/?page_id=3\/\" target=\"_blank\">Aviso Legal<\/a> y acepto la <a href=\"http:\/\/avantemedios.com\/?page_id=3\/\" target=\"_blank\">Pol\u00edtica de Privacidad<\/a> <span class=\"wpforms-required-label\">*<\/span><\/label><\/li><\/ul><\/div><div id=\"wpforms-239403-field_8-container\" class=\"wpforms-field wpforms-field-checkbox\" data-field-id=\"8\"><ul id=\"wpforms-239403-field_8\"><li class=\"choice-1 depth-1 wpforms-selected\"><input type=\"checkbox\" id=\"wpforms-239403-field_8_1\" name=\"wpforms[fields][8][]\" value=\"Quiero recibir las \u00faltimas noticias e informes de Avante\"   checked='checked'><label class=\"wpforms-field-label-inline\" for=\"wpforms-239403-field_8_1\">Quiero recibir las \u00faltimas noticias e informes de Avante<\/label><\/li><\/ul><\/div><\/div><!-- .wpforms-field-container --><div class=\"wpforms-submit-container\" ><input type=\"hidden\" name=\"wpforms[id]\" value=\"239403\"><input type=\"hidden\" name=\"page_title\" value=\"\"><input type=\"hidden\" name=\"page_url\" value=\"https:\/\/avantemedios.com\/ca\/wp-json\/wp\/v2\/project\/239391\"><input type=\"hidden\" name=\"url_referer\" value=\"\"><button type=\"submit\" name=\"wpforms[submit]\" id=\"wpforms-submit-239403\" class=\"wpforms-submit my-submit-boton1\" data-alt-text=\"Enviando...\" data-submit-text=\"Descargar Informe\" aria-live=\"assertive\" value=\"wpforms-submit\">Descargar Informe<\/button><\/div><\/form><\/div>  <!-- .wpforms-container --><!-- [et_pb_line_break_holder] --><script type=\"text\/javascript\"><!-- [et_pb_line_break_holder] -->    var __ss_noform = __ss_noform || [];<!-- [et_pb_line_break_holder] -->    __ss_noform.push(['baseURI', 'https:\/\/app-3QNB3VA6HG.marketingautomation.services\/webforms\/receivePostback\/MzawMDEzNLc0AgA\/']);<!-- [et_pb_line_break_holder] -->    __ss_noform.push(['form', 'wpforms-form-239403', 'c96a52d5-d38b-4d98-9da9-bc42bb7635ca']);<!-- [et_pb_line_break_holder] --><\/script><!-- [et_pb_line_break_holder] --><script type=\"text\/javascript\" src=\"https:\/\/koi-3QNB3VA6HG.marketingautomation.services\/client\/noform.js?ver=1.24\" ><\/script><!-- [et_pb_line_break_holder] -->[\/et_pb_code][\/et_pb_column][\/et_pb_row][\/et_pb_section][et_pb_section fb_built=\u00bb1&#8243; custom_padding_last_edited=\u00bbon|phone\u00bb _builder_version=\u00bb4.5.1&#8243; _module_preset=\u00bbdefault\u00bb custom_padding_tablet=\u00bb\u00bb custom_padding_phone=\u00bb0vw||||false|false\u00bb][et_pb_row custom_padding_last_edited=\u00bbon|desktop\u00bb _builder_version=\u00bb4.5.1&#8243; _module_preset=\u00bbdefault\u00bb custom_padding=\u00bb0vw||||false|false\u00bb custom_padding_tablet=\u00bb\u00bb custom_padding_phone=\u00bb\u00bb][et_pb_column type=\u00bb4_4&#8243; _builder_version=\u00bb4.5.1&#8243; _module_preset=\u00bbdefault\u00bb][et_pb_text _builder_version=\u00bb4.5.1&#8243; _module_preset=\u00bbdefault\u00bb text_text_color=\u00bb#000000&#8243; text_font_size=\u00bb29px\u00bb text_line_height=\u00bb1.2em\u00bb text_font_size_tablet=\u00bb\u00bb text_font_size_phone=\u00bb25px\u00bb text_font_size_last_edited=\u00bbon|desktop\u00bb]<p><strong>Otros informes relacionados<\/strong><\/p>[\/et_pb_text][et_pb_portfolio fullwidth=\u00bboff\u00bb posts_number=\u00bb4&#8243; include_categories=\u00bb49&#8243; show_pagination=\u00bboff\u00bb zoom_icon_color=\u00bb#ffffff\u00bb hover_overlay_color=\u00bbrgba(176,39,45,0.7)\u00bb _builder_version=\u00bb4.5.1&#8243; _module_preset=\u00bbdefault\u00bb title_font=\u00bb|700|||||||\u00bb caption_font=\u00bb|600|||||||\u00bb caption_text_color=\u00bb#000000&#8243; title_font_size_tablet=\u00bb\u00bb title_font_size_phone=\u00bb21px\u00bb title_font_size_last_edited=\u00bbon|phone\u00bb][\/et_pb_portfolio][\/et_pb_column][\/et_pb_row][\/et_pb_section]\n","protected":false},"excerpt":{"rendered":"<p>INFORME EGM CASTILLA LA MANCHATras la cancelaci\u00f3n de la segunda ola del EGM debido al COVID19, los datos de esta tercera ola son muy esperados. El trabajo de campo se realiz\u00f3 entre el 9-sep\u00a0y el 17-nov de 2020, \u00e9poca de relativa calma en lo que a la situaci\u00f3n sanitaria se refiere, y que no refleja [&hellip;]<\/p>\n","protected":false},"author":1,"featured_media":239394,"comment_status":"closed","ping_status":"closed","template":"","meta":{"_et_pb_use_builder":"on","_et_pb_old_content":"","_et_gb_content_width":"","_monsterinsights_skip_tracking":false,"_monsterinsights_sitenote_active":false,"_monsterinsights_sitenote_note":"","_monsterinsights_sitenote_category":0,"footnotes":""},"project_category":[73],"project_tag":[86,87,111],"class_list":["post-239391","project","type-project","status-publish","has-post-thumbnail","hentry","project_category-castilla-la-mancha","project_tag-informes","project_tag-egm","project_tag-castilla-la-mancha"],"aioseo_notices":[],"_links":{"self":[{"href":"https:\/\/avantemedios.com\/ca\/wp-json\/wp\/v2\/project\/239391","targetHints":{"allow":["GET"]}}],"collection":[{"href":"https:\/\/avantemedios.com\/ca\/wp-json\/wp\/v2\/project"}],"about":[{"href":"https:\/\/avantemedios.com\/ca\/wp-json\/wp\/v2\/types\/project"}],"author":[{"embeddable":true,"href":"https:\/\/avantemedios.com\/ca\/wp-json\/wp\/v2\/users\/1"}],"replies":[{"embeddable":true,"href":"https:\/\/avantemedios.com\/ca\/wp-json\/wp\/v2\/comments?post=239391"}],"version-history":[{"count":8,"href":"https:\/\/avantemedios.com\/ca\/wp-json\/wp\/v2\/project\/239391\/revisions"}],"predecessor-version":[{"id":239499,"href":"https:\/\/avantemedios.com\/ca\/wp-json\/wp\/v2\/project\/239391\/revisions\/239499"}],"wp:featuredmedia":[{"embeddable":true,"href":"https:\/\/avantemedios.com\/ca\/wp-json\/wp\/v2\/media\/239394"}],"wp:attachment":[{"href":"https:\/\/avantemedios.com\/ca\/wp-json\/wp\/v2\/media?parent=239391"}],"wp:term":[{"taxonomy":"project_category","embeddable":true,"href":"https:\/\/avantemedios.com\/ca\/wp-json\/wp\/v2\/project_category?post=239391"},{"taxonomy":"project_tag","embeddable":true,"href":"https:\/\/avantemedios.com\/ca\/wp-json\/wp\/v2\/project_tag?post=239391"}],"curies":[{"name":"wp","href":"https:\/\/api.w.org\/{rel}","templated":true}]}}