{"id":250486,"date":"2026-03-13T15:21:32","date_gmt":"2026-03-13T14:21:32","guid":{"rendered":"https:\/\/avantemedios.com\/?page_id=250486"},"modified":"2026-04-17T14:03:36","modified_gmt":"2026-04-17T12:03:36","slug":"media-day-2026-ctv","status":"publish","type":"page","link":"https:\/\/avantemedios.com\/eu\/media-day-2026-ctv\/","title":{"rendered":"MEDIA DAY 2026 | CTV"},"content":{"rendered":"[et_pb_section fb_built=\u00bb1&#8243; custom_padding_last_edited=\u00bbon|phone\u00bb admin_label=\u00bbHeader\u00bb _builder_version=\u00bb4.24.0&#8243; custom_margin=\u00bb||||false|false\u00bb custom_padding=\u00bb54px|0px|5px|0px|false|false\u00bb custom_padding_tablet=\u00bb\u00bb custom_padding_phone=\u00bb25px|0px||0px|false|false\u00bb background_last_edited=\u00bbon|phone\u00bb use_background_color_gradient_tablet=\u00bboff\u00bb use_background_color_gradient_phone=\u00bboff\u00bb background_color_gradient_stops_phone=\u00bbrgba(210,218,228,0.38) 100%|#ffffff 100%\u00bb background_color_gradient_start_position_phone=\u00bb100%\u00bb da_disable_devices=\u00bboff|off|off\u00bb global_colors_info=\u00bb{}\u00bb da_is_popup=\u00bboff\u00bb da_exit_intent=\u00bboff\u00bb da_has_close=\u00bbon\u00bb da_alt_close=\u00bboff\u00bb da_dark_close=\u00bboff\u00bb da_not_modal=\u00bbon\u00bb da_is_singular=\u00bboff\u00bb da_with_loader=\u00bboff\u00bb da_has_shadow=\u00bbon\u00bb][et_pb_row _builder_version=\u00bb4.16&#8243; max_width=\u00bb1280px\u00bb custom_padding=\u00bb27px|0px||0px|false|false\u00bb use_custom_width=\u00bbon\u00bb custom_width_px=\u00bb1280px\u00bb global_colors_info=\u00bb{}\u00bb][et_pb_column type=\u00bb4_4&#8243; _builder_version=\u00bb4.16&#8243; custom_padding=\u00bb|||\u00bb global_colors_info=\u00bb{}\u00bb custom_padding__hover=\u00bb|||\u00bb][et_pb_image src=\u00bbhttps:\/\/avantemedios.com\/wp-content\/uploads\/2026\/03\/CTV-al-descubierto_MEDIA-DAY_AVANTE-1.png\u00bb alt=\u00bbsan-publicito-avante-galicia-2023&#8243; title_text=\u00bbCTV al descubierto_MEDIA DAY_AVANTE\u00bb _builder_version=\u00bb4.27.4&#8243; _module_preset=\u00bbdefault\u00bb custom_margin=\u00bb||16px|||\u00bb global_colors_info=\u00bb{}\u00bb][\/et_pb_image][et_pb_video _builder_version=\u00bb4.16&#8243; _module_preset=\u00bbdefault\u00bb width_tablet=\u00bb87%\u00bb width_phone=\u00bb95%\u00bb width_last_edited=\u00bbon|tablet\u00bb custom_padding=\u00bb|18px||||\u00bb custom_padding_tablet=\u00bb|0px|||false|false\u00bb custom_padding_phone=\u00bb|0px|||false|false\u00bb custom_padding_last_edited=\u00bbon|phone\u00bb module_alignment_tablet=\u00bbcenter\u00bb module_alignment_phone=\u00bbcenter\u00bb module_alignment_last_edited=\u00bbon|phone\u00bb global_colors_info=\u00bb{}\u00bb][\/et_pb_video][\/et_pb_column][\/et_pb_row][et_pb_row column_structure=\u00bb2_5,3_5&#8243; _builder_version=\u00bb4.16&#8243; max_width=\u00bb1280px\u00bb custom_margin=\u00bb-15px|auto||auto||\u00bb custom_padding=\u00bb27px|5px||0px|false|false\u00bb use_custom_width=\u00bbon\u00bb custom_width_px=\u00bb1280px\u00bb global_colors_info=\u00bb{}\u00bb][et_pb_column type=\u00bb2_5&#8243; _builder_version=\u00bb4.16&#8243; custom_padding=\u00bb|||\u00bb global_colors_info=\u00bb{}\u00bb custom_padding__hover=\u00bb|||\u00bb][et_pb_countdown_timer date_time=\u00bb2026-04-21 09:33&#8243; _builder_version=\u00bb4.27.4&#8243; _module_preset=\u00bbdefault\u00bb min_height=\u00bb91.9px\u00bb custom_margin=\u00bb||-3px|||\u00bb hover_enabled=\u00bb0&#8243; global_colors_info=\u00bb{}\u00bb sticky_enabled=\u00bb0&#8243;][\/et_pb_countdown_timer][et_pb_text _builder_version=\u00bb4.27.4&#8243; _module_preset=\u00bbdefault\u00bb text_font=\u00bbMontserrat|700|||||||\u00bb text_text_color=\u00bb#b2292e\u00bb text_font_size=\u00bb24px\u00bb text_line_height=\u00bb2em\u00bb background_color=\u00bb#3E3E3E\u00bb min_height=\u00bb62px\u00bb custom_margin=\u00bb4px||7px||false|false\u00bb custom_padding=\u00bb20px|||||\u00bb locked=\u00bboff\u00bb inline_fonts=\u00bbMontserrat\u00bb global_colors_info=\u00bb{}\u00bb]\n<h1 style=\"text-align: center;\"><span style=\"color: #ffffff;\"><strong><span style=\"font-family: Montserrat;\"><i>MEDIA DAY: <\/i><\/span><span style=\"font-family: Montserrat;\">CTV al descubierto<\/span><\/strong><\/span><\/h1>\n[\/et_pb_text][et_pb_text _builder_version=\u00bb4.27.4&#8243; _module_preset=\u00bbdefault\u00bb text_font=\u00bbMontserrat|700|||||||\u00bb text_text_color=\u00bb#b2292e\u00bb text_font_size=\u00bb24px\u00bb text_line_height=\u00bb2em\u00bb custom_margin=\u00bb4px||7px||false|false\u00bb custom_padding=\u00bb22px|||||\u00bb locked=\u00bboff\u00bb inline_fonts=\u00bbMontserrat\u00bb global_colors_info=\u00bb{}\u00bb]\n<h3 style=\"text-align: center;\"><strong><span style=\"font-family: Montserrat;\"><i>Revoluciona tu publicidad con la nueva TV<\/i><\/span><\/strong><\/h3>\n[\/et_pb_text][et_pb_text _builder_version=\u00bb4.27.4&#8243; _module_preset=\u00bbdefault\u00bb custom_margin=\u00bb22px|||||\u00bb global_colors_info=\u00bb{}\u00bb]\n<p style=\"text-align: justify;\"><span data-contrast=\"auto\">El ecosistema televisivo est\u00e1 cambiando. Y lo est\u00e1 haciendo m\u00e1s r\u00e1pido de lo que parece.<\/span><span data-ccp-props=\"{&quot;134233117&quot;:false,&quot;134233118&quot;:false,&quot;201341983&quot;:0,&quot;335551550&quot;:1,&quot;335551620&quot;:1,&quot;335559685&quot;:0,&quot;335559737&quot;:0,&quot;335559738&quot;:240,&quot;335559739&quot;:240,&quot;335559740&quot;:279}\">\u00a0<\/span><\/p>\n<p style=\"text-align: justify;\"><span data-contrast=\"auto\">La irrupci\u00f3n de la\u00a0Connected\u00a0TV est\u00e1 transformado la forma en la que consumimos contenidos\u00a0y conectamos\u00a0con las\u00a0audiencias. Nuevos formatos, nuevas capacidades tecnol\u00f3gicas y un\u00a0h\u00e1bitat\u00a0cada vez m\u00e1s complejo est\u00e1n redefiniendo el papel de la televisi\u00f3n dentro de las estrategias\u00a0publicitarias.<\/span><span data-ccp-props=\"{&quot;134233117&quot;:false,&quot;134233118&quot;:false,&quot;201341983&quot;:0,&quot;335551550&quot;:6,&quot;335551620&quot;:6,&quot;335559685&quot;:0,&quot;335559737&quot;:0,&quot;335559738&quot;:240,&quot;335559739&quot;:240,&quot;335559740&quot;:279}\">\u00a0<\/span><\/p>\n<p style=\"text-align: justify;\"><span data-contrast=\"auto\">Por eso\u00a0desde AVANTE, el pr\u00f3ximo\u00a0<\/span><b><span data-contrast=\"auto\">21 de abril\u00a0de 2026,<\/span><\/b><b><span data-contrast=\"none\">\u00a0<\/span><\/b><b><span data-contrast=\"auto\">a partir de las 09:30 am,<\/span><\/b><b><span data-contrast=\"none\">\u00a0<\/span><\/b><span data-contrast=\"auto\">celebraremos\u00a0en\u00a0\ud83d\udccd<\/span><a href=\"https:\/\/maps.app.goo.gl\/TA2NXj3RkmFs8BhR7\"><b><span data-contrast=\"auto\">Comet-Meetings Retiro<\/span><\/b><\/a> (6\u00aaplanta &#8211; Sala Parterre)<b><span data-contrast=\"auto\">\u00a0<\/span><\/b><span data-contrast=\"auto\">nuestro<\/span><b><span data-contrast=\"auto\">\u00a0Media Day\u00a0<\/span><\/b><b><span data-contrast=\"auto\">\u201c<\/span><\/b><b><i><span data-contrast=\"auto\">CTV al descubierto: revoluciona tu publicidad con la nueva TV<\/span><\/i><\/b><b><span data-contrast=\"auto\">\u201d.<\/span><\/b><span data-contrast=\"auto\">\u00a0Una jornada pensada para analizar qu\u00e9 est\u00e1 pasando\u00a0en\u00a0el mercado y cu\u00e1les son las claves que marcar\u00e1n el futuro de la televisi\u00f3n\u00a0como soporte\u00a0medi\u00e1tico.<\/span><span data-ccp-props=\"{&quot;134233117&quot;:false,&quot;134233118&quot;:false,&quot;335551550&quot;:6,&quot;335551620&quot;:6,&quot;335559738&quot;:240,&quot;335559739&quot;:240}\">\u00a0<\/span><\/p>\n<p><span data-contrast=\"auto\">A lo largo de\u00a0la ma\u00f1ana compartiremos:<\/span><span data-ccp-props=\"{&quot;134233117&quot;:false,&quot;134233118&quot;:false,&quot;335551550&quot;:6,&quot;335551620&quot;:6,&quot;335559738&quot;:240,&quot;335559739&quot;:240}\">\u00a0<\/span><\/p>\n<ul>\n<li aria-setsize=\"-1\" data-leveltext=\"\uf0b7\" data-font=\"Symbol\" data-listid=\"1\" data-list-defn-props=\"{&quot;335552541&quot;:1,&quot;335559685&quot;:720,&quot;335559991&quot;:360,&quot;469769226&quot;:&quot;Symbol&quot;,&quot;469769242&quot;:[8226],&quot;469777803&quot;:&quot;left&quot;,&quot;469777804&quot;:&quot;\uf0b7&quot;,&quot;469777815&quot;:&quot;hybridMultilevel&quot;}\" data-aria-posinset=\"1\" data-aria-level=\"1\"><b><span data-contrast=\"auto\">Tendencias y datos clave del mercado de la CTV<\/span><\/b><\/li>\n<\/ul>\n<ul>\n<li aria-setsize=\"-1\" data-leveltext=\"\uf0b7\" data-font=\"Symbol\" data-listid=\"1\" data-list-defn-props=\"{&quot;335552541&quot;:1,&quot;335559685&quot;:720,&quot;335559991&quot;:360,&quot;469769226&quot;:&quot;Symbol&quot;,&quot;469769242&quot;:[8226],&quot;469777803&quot;:&quot;left&quot;,&quot;469777804&quot;:&quot;\uf0b7&quot;,&quot;469777815&quot;:&quot;hybridMultilevel&quot;}\" data-aria-posinset=\"2\" data-aria-level=\"1\"><b><span data-contrast=\"auto\">Nuevos formatos publicitarios que est\u00e1n transformando la experiencia televisiva<\/span><\/b><\/li>\n<\/ul>\n<ul>\n<li aria-setsize=\"-1\" data-leveltext=\"\uf0b7\" data-font=\"Symbol\" data-listid=\"1\" data-list-defn-props=\"{&quot;335552541&quot;:1,&quot;335559685&quot;:720,&quot;335559991&quot;:360,&quot;469769226&quot;:&quot;Symbol&quot;,&quot;469769242&quot;:[8226],&quot;469777803&quot;:&quot;left&quot;,&quot;469777804&quot;:&quot;\uf0b7&quot;,&quot;469777815&quot;:&quot;hybridMultilevel&quot;}\" data-aria-posinset=\"3\" data-aria-level=\"1\"><b><span data-contrast=\"auto\">El papel de la tecnolog\u00eda y los datos en el ecosistema de la televisi\u00f3n conectada y OTTs<\/span><\/b><\/li>\n<\/ul>\n<ul>\n<li aria-setsize=\"-1\" data-leveltext=\"\uf0b7\" data-font=\"Symbol\" data-listid=\"1\" data-list-defn-props=\"{&quot;335552541&quot;:1,&quot;335559685&quot;:720,&quot;335559991&quot;:360,&quot;469769226&quot;:&quot;Symbol&quot;,&quot;469769242&quot;:[8226],&quot;469777803&quot;:&quot;left&quot;,&quot;469777804&quot;:&quot;\uf0b7&quot;,&quot;469777815&quot;:&quot;hybridMultilevel&quot;}\" data-aria-posinset=\"4\" data-aria-level=\"1\"><b><span data-contrast=\"auto\">Los principales retos y oportunidades<\/span><\/b><\/li>\n<\/ul>\n<p style=\"text-align: justify;\"><span data-teams=\"true\">Contaremos con ponencias protagonizadas por algunos de los principales players del sector, adem\u00e1s de con una mesa redonda centrada en data y medici\u00f3n.<strong> \u00a1Pr\u00f3ximamente desvelaremos el programa con ponentes confirmados!<\/strong><\/span><\/p>\n<p style=\"text-align: justify;\"><span data-contrast=\"auto\">Una jornada para entender qu\u00e9 est\u00e1 pasando en la pantalla m\u00e1s grande del hogar\u00a0y por qu\u00e9 la CTV est\u00e1 cambiando\u00a0las reglas del\u00a0juego.<\/span><span data-ccp-props=\"{&quot;134233117&quot;:false,&quot;134233118&quot;:false,&quot;335551550&quot;:6,&quot;335551620&quot;:6,&quot;335559738&quot;:240,&quot;335559739&quot;:240}\"> \u00a0<\/span><span data-contrast=\"auto\">Nos encantar\u00eda\u00a0contar contigo,\u00a0\u00bfnos acompa\u00f1as?<\/span><span data-ccp-props=\"{&quot;134233117&quot;:false,&quot;134233118&quot;:false,&quot;335551550&quot;:6,&quot;335551620&quot;:6,&quot;335559738&quot;:240,&quot;335559739&quot;:240}\">\u00a0<\/span><\/p>\n[\/et_pb_text][\/et_pb_column][et_pb_column type=\u00bb3_5&#8243; _builder_version=\u00bb4.16&#8243; custom_padding=\u00bb|||\u00bb global_colors_info=\u00bb{}\u00bb custom_padding__hover=\u00bb|||\u00bb][et_pb_image src=\u00bbhttps:\/\/avantemedios.com\/wp-content\/uploads\/2026\/04\/Programa-Media-Day_AVANTE.png\u00bb _builder_version=\u00bb4.27.4&#8243; _module_preset=\u00bbdefault\u00bb title_text=\u00bbPrograma Media Day_AVANTE\u00bb hover_enabled=\u00bb0&#8243; sticky_enabled=\u00bb0&#8243;][\/et_pb_image][\/et_pb_column][\/et_pb_row][et_pb_row _builder_version=\u00bb4.16&#8243; max_width=\u00bb1280px\u00bb custom_margin=\u00bb-15px|auto||auto||\u00bb custom_padding=\u00bb27px|0px||0px|false|false\u00bb use_custom_width=\u00bbon\u00bb custom_width_px=\u00bb1280px\u00bb global_colors_info=\u00bb{}\u00bb][et_pb_column type=\u00bb4_4&#8243; _builder_version=\u00bb4.16&#8243; custom_padding=\u00bb|||\u00bb global_colors_info=\u00bb{}\u00bb custom_padding__hover=\u00bb|||\u00bb][et_pb_text _builder_version=\u00bb4.27.4&#8243; _module_preset=\u00bbdefault\u00bb text_font=\u00bbMontserrat|700|||||||\u00bb text_text_color=\u00bb#b2292e\u00bb text_font_size=\u00bb24px\u00bb text_line_height=\u00bb2em\u00bb background_color=\u00bb#D61317&#8243; custom_margin=\u00bb4px||7px||false|false\u00bb custom_padding=\u00bb22px||6px|||\u00bb locked=\u00bboff\u00bb inline_fonts=\u00bbMontserrat\u00bb global_colors_info=\u00bb{}\u00bb]\n<h3 style=\"text-align: center;\"><em><span style=\"color: #ffffff;\">\u00b7 AFORO COMPLETO \u00b7<\/span><\/em><\/h3>\n[\/et_pb_text][et_pb_text _builder_version=\u00bb4.27.4&#8243; _module_preset=\u00bbdefault\u00bb background_color=\u00bb#f7f7f7&#8243; custom_margin=\u00bb1px||1px|||\u00bb custom_padding=\u00bb4px||11px|29px||\u00bb inline_fonts=\u00bbMontserrat\u00bb global_colors_info=\u00bb{}\u00bb disabled_on=\u00bbon|on|on\u00bb disabled=\u00bbon\u00bb]\n<h3 style=\"text-align: center;\"><span data-contrast=\"auto\"><\/span><\/h3>\n<h3 style=\"text-align: center;\"><strong><span style=\"color: #d61317; font-family: Montserrat;\">21 de abril\u00a0de 2026\u00a0<\/span><\/strong><\/h3>\n<p><strong><span style=\"color: #d61317; font-family: Montserrat;\"><\/span><\/strong><\/p>\n<p style=\"text-align: center;\"><img loading=\"lazy\" decoding=\"async\" src=\"https:\/\/cdn-icons-png.flaticon.com\/128\/661\/661512.png\" alt=\"calendario \" width=\"55\" height=\"55\" \/><\/p>\n<p style=\"text-align: center;\"><span data-contrast=\"auto\"><strong>Registro y acreditaciones<\/strong> 09:30 h<\/span><\/p>\n<p style=\"text-align: center;\"><span data-contrast=\"auto\"><strong>Bienvenida<\/strong> 10:00 h<\/span><\/p>\n<p style=\"text-align: center;\"><span data-contrast=\"auto\"><em>Roc\u00edo Carreiro<\/em> (Content &amp; Communication de AVANTE)<\/span><\/p>\n<p style=\"text-align: center;\"><span data-contrast=\"auto\"><strong>Presentaci\u00f3n inicial<\/strong> 10:05 h<\/span><\/p>\n<p style=\"text-align: center;\"><span data-contrast=\"auto\"><em>Ana Rodr\u00edguez de Z\u00e1rate <\/em><\/span><span data-contrast=\"auto\">(Managing director de AVANTE y CEO de maicca)<\/span><\/p>\n<p style=\"text-align: center;\"><span data-contrast=\"auto\"><strong>Panorama actual de la CTV: retos y oportunidades<\/strong> 10:10 h<\/span><\/p>\n<p style=\"text-align: center;\"><span data-contrast=\"auto\"><em>Adri\u00e1n Falque <\/em><\/span><span data-contrast=\"auto\">(Digital manager de AVANTE)<\/span><\/p>\n[\/et_pb_text][et_pb_text _builder_version=\u00bb4.27.4&#8243; _module_preset=\u00bbdefault\u00bb background_color=\u00bbrgba(214,0,24,0.16)\u00bb min_height=\u00bb153.2px\u00bb custom_margin=\u00bb1px||1px|||\u00bb custom_padding=\u00bb4px|||29px||\u00bb inline_fonts=\u00bbMontserrat\u00bb global_colors_info=\u00bb{}\u00bb disabled_on=\u00bbon|on|on\u00bb disabled=\u00bbon\u00bb]\n<p style=\"text-align: center;\"><span data-contrast=\"auto\"><strong><span color-m=\"#000000\" font-m=\"Calibri\" size-m=\"11pt\"><\/span><\/strong><\/span><\/p>\n<p style=\"text-align: center;\"><span data-contrast=\"auto\"><strong><span color-m=\"#000000\" font-m=\"Calibri\" size-m=\"11pt\">DAZN | <\/span><span color-m=\"#000000\" font-m=\"Calibri\" size-m=\"11pt\" italic-m=\"true\">El poder de la OTT deportiva que conecta marcas con la pasi\u00f3n en directo<\/span><\/strong> 10:30 h<\/span><\/p>\n<p style=\"text-align: center;\"><em>Scarlett Remlinger <\/em>(Account executive de Dazn Ads)<\/p>\n<p style=\"text-align: center;\"><span data-contrast=\"auto\"><strong><span color-m=\"#000000\" font-m=\"Calibri\" size-m=\"11pt\">HBO | <\/span><span color-m=\"#000000\" font-m=\"Calibri\" size-m=\"11pt\" italic-m=\"true\">CTV que se sale del guion: integraci\u00f3n de nuevos formatos en la programaci\u00f3n<\/span><\/strong> 11:00 h<\/span><\/p>\n<p style=\"text-align: center;\"><em>Sof\u00eda Fern\u00e1ndez <\/em>(Ad Sales Senior Director) &amp; <em>Alicia Bacho <\/em>(Brand Solutions Manager)<\/p>\n<p style=\"text-align: center;\">[\/et_pb_text][et_pb_text _builder_version=\u00bb4.27.4&#8243; _module_preset=\u00bbdefault\u00bb background_color=\u00bb#f7f7f7&#8243; custom_margin=\u00bb1px||1px|||\u00bb custom_padding=\u00bb15px|||29px||\u00bb inline_fonts=\u00bbMontserrat\u00bb global_colors_info=\u00bb{}\u00bb disabled_on=\u00bbon|on|on\u00bb disabled=\u00bbon\u00bb]\n<p style=\"text-align: center;\"><span style=\"color: #d61317;\"><strong>\u00b7 Coffee Break \u00b7<\/strong><\/span><\/p>\n<p style=\"text-align: center;\"><span data-contrast=\"auto\"><strong>CTV Program\u00e1tico: hacia un modelo m\u00e1s automatizado, segmentable y medible<\/strong> 11:50 h<\/span><\/p>\n<p style=\"text-align: center;\"><em>Sito Rey <\/em>(<span>Ads operations manager de AVANTE<\/span>)<\/p>\n<p style=\"text-align: center;\">[\/et_pb_text][et_pb_text _builder_version=\u00bb4.27.4&#8243; _module_preset=\u00bbdefault\u00bb background_color=\u00bb#c4c4c4&#8243; min_height=\u00bb283.2px\u00bb custom_margin=\u00bb1px||-2px|||\u00bb custom_padding=\u00bb0px|||29px||\u00bb inline_fonts=\u00bbMontserrat\u00bb global_colors_info=\u00bb{}\u00bb disabled_on=\u00bbon|on|on\u00bb disabled=\u00bbon\u00bb]\n<p style=\"text-align: center;\"><span data-contrast=\"auto\"><strong><span color-m=\"#000000\" font-m=\"Calibri\" size-m=\"11pt\"><\/span><\/strong><\/span><\/p>\n<p style=\"text-align: center;\"><span data-contrast=\"auto\"><strong><span color-m=\"#000000\" font-m=\"Calibri\" size-m=\"11pt\">MESA REDONDA | <\/span><span color-m=\"#000000\" font-m=\"Calibri\" size-m=\"11pt\" italic-m=\"true\">CTV sin filtros: mitos, verdades y futuro<\/span><\/strong> 12:10 h<\/span><\/p>\n<p style=\"text-align: center;\">Con la participaci\u00f3n de:<\/p>\n<p style=\"text-align: center;\"><i>Enrique D\u00edaz <\/i>(Head of Innovation de AVANTE)<i><br \/>Olga Caballero<\/i> (Directora comercial de \u00e1rea digital de Publiespa\u00f1a)<i><br \/>Aida Peinado <\/i>(CTV Head of Sales Spain de TitanOS)<i><br \/>Javier Valbuena <\/i>(Head of sales en Fluzo)<i><br \/>Mercedes Alonso <\/i>(Omnichannel Activation &amp; Supply Manager en Adform)<\/p>\n<p style=\"text-align: center;\">Moderado por:<\/p>\n<p style=\"text-align: center;\"><span data-contrast=\"auto\"><em>Ana Rodr\u00edguez de Z\u00e1rate <\/em><\/span><span data-contrast=\"auto\">(Managing director de AVANTE y CEO de maicca)<\/span><\/p>\n<p style=\"text-align: center;\"><span data-contrast=\"auto\"><\/span><\/p>\n[\/et_pb_text][et_pb_text _builder_version=\u00bb4.27.4&#8243; _module_preset=\u00bbdefault\u00bb background_color=\u00bb#f7f7f7&#8243; custom_margin=\u00bb1px|||||\u00bb custom_padding=\u00bb11px|||29px||\u00bb inline_fonts=\u00bbMontserrat\u00bb global_colors_info=\u00bb{}\u00bb disabled_on=\u00bbon|on|on\u00bb disabled=\u00bbon\u00bb]\n<p style=\"text-align: center;\"><span data-contrast=\"auto\"><strong>Despedida<\/strong> 12:55 h <em>Roc\u00edo Carreiro (<\/em>Content &amp; Communication de AVANTE)<\/span><\/p>\n<p style=\"text-align: center;\"><span data-contrast=\"auto\"><strong>C\u00f3ctel y Networking<\/strong>\u00a013:00 h<\/span><\/p>\n<p style=\"text-align: center;\"><span style=\"color: ##d61317;\"><strong>\u00b7 Fin de la jornada \u00b7<\/strong><\/span><\/p>\n<p style=\"text-align: center;\">[\/et_pb_text][et_pb_code disabled_on=\u00bbon|on|on\u00bb _builder_version=\u00bb4.27.4&#8243; _module_preset=\u00bbdefault\u00bb disabled=\u00bbon\u00bb global_colors_info=\u00bb{}\u00bb]<div class=\"wpforms-container wpforms-container-full\" id=\"wpforms-250489\"><form id=\"wpforms-form-250489\" class=\"wpforms-validate wpforms-form\" data-formid=\"250489\" method=\"post\" enctype=\"multipart\/form-data\" action=\"\/eu\/wp-json\/wp\/v2\/pages\/250486\" data-token=\"871ff769f7a0ce5dd732937a7dc93c43\" data-token-time=\"1777558188\"><noscript class=\"wpforms-error-noscript\">Please enable JavaScript in your browser to complete this form.<\/noscript><div class=\"wpforms-field-container\"><div id=\"wpforms-250489-field_9-container\" class=\"wpforms-field wpforms-field-name\" data-field-id=\"9\"><label class=\"wpforms-field-label\" for=\"wpforms-250489-field_9\">Nombre y Apellidos <span class=\"wpforms-required-label\">*<\/span><\/label><input type=\"text\" id=\"wpforms-250489-field_9\" class=\"wpforms-field-large wpforms-field-required\" name=\"wpforms[fields][9]\" required><\/div><div id=\"wpforms-250489-field_10-container\" class=\"wpforms-field wpforms-field-text\" data-field-id=\"10\"><label class=\"wpforms-field-label\" for=\"wpforms-250489-field_10\">Empresa <span class=\"wpforms-required-label\">*<\/span><\/label><input type=\"text\" id=\"wpforms-250489-field_10\" class=\"wpforms-field-large wpforms-field-required\" name=\"wpforms[fields][10]\" required><\/div><div id=\"wpforms-250489-field_11-container\" class=\"wpforms-field wpforms-field-email\" data-field-id=\"11\"><label class=\"wpforms-field-label\" for=\"wpforms-250489-field_11\">Email <span class=\"wpforms-required-label\">*<\/span><\/label><input type=\"email\" id=\"wpforms-250489-field_11\" class=\"wpforms-field-large wpforms-field-required\" name=\"wpforms[fields][11]\" spellcheck=\"false\" required><\/div><div id=\"wpforms-250489-field_12-container\" class=\"wpforms-field wpforms-field-phone\" data-field-id=\"12\"><label class=\"wpforms-field-label\" for=\"wpforms-250489-field_12\">Tel\u00e9fono <span class=\"wpforms-required-label\">*<\/span><\/label><input type=\"tel\" id=\"wpforms-250489-field_12\" class=\"wpforms-field-large wpforms-field-required wpforms-smart-phone-field\" data-rule-smart-phone-field=\"true\" name=\"wpforms[fields][12]\" aria-label=\"Tel\u00e9fono\" required><\/div><div id=\"wpforms-250489-field_4-container\" class=\"wpforms-field wpforms-field-gdpr-checkbox\" data-field-id=\"4\"><label class=\"wpforms-field-label wpforms-label-hide\">Acuerdo RGPD  <span class=\"wpforms-required-label\">*<\/span><\/label><ul id=\"wpforms-250489-field_4\" class=\"wpforms-field-required\"><li class=\"choice-1\"><input type=\"checkbox\" id=\"wpforms-250489-field_4_1\" name=\"wpforms[fields][4][]\" value=\"He le\u00eddo el &lt;a href=&quot;http:\/\/avantemedios.com\/?page_id=3\/&quot; target=&quot;_blank&quot;&gt;Aviso Legal&lt;\/a&gt; y acepto la &lt;a href=&quot;http:\/\/avantemedios.com\/?page_id=3\/&quot; target=&quot;_blank&quot;&gt;Pol\u00edtica de Privacidad&lt;\/a&gt;\" required ><label class=\"wpforms-field-label-inline\" for=\"wpforms-250489-field_4_1\">He le\u00eddo el <a href=\"http:\/\/avantemedios.com\/?page_id=3\/\" target=\"_blank\">Aviso Legal<\/a> y acepto la <a href=\"http:\/\/avantemedios.com\/?page_id=3\/\" target=\"_blank\">Pol\u00edtica de Privacidad<\/a> <span class=\"wpforms-required-label\">*<\/span><\/label><\/li><\/ul><\/div><\/div><!-- .wpforms-field-container --><div class=\"wpforms-submit-container\" ><input type=\"hidden\" name=\"wpforms[id]\" value=\"250489\"><input type=\"hidden\" name=\"page_title\" value=\"\"><input type=\"hidden\" name=\"page_url\" value=\"https:\/\/avantemedios.com\/eu\/wp-json\/wp\/v2\/pages\/250486\"><input type=\"hidden\" name=\"url_referer\" value=\"\"><button type=\"submit\" name=\"wpforms[submit]\" id=\"wpforms-submit-250489\" class=\"wpforms-submit\" data-alt-text=\"Enviando...\" data-submit-text=\"Enviar\" aria-live=\"assertive\" value=\"wpforms-submit\">Enviar<\/button><\/div><\/form><\/div>  <!-- .wpforms-container -->[\/et_pb_code][\/et_pb_column][\/et_pb_row][\/et_pb_section][et_pb_section fb_built=\u00bb1&#8243; _builder_version=\u00bb4.24.0&#8243; _module_preset=\u00bbdefault\u00bb background_color=\u00bb#3e3e3e\u00bb custom_padding=\u00bb0px||0px|||\u00bb da_disable_devices=\u00bboff|off|off\u00bb global_colors_info=\u00bb{}\u00bb da_is_popup=\u00bboff\u00bb da_exit_intent=\u00bboff\u00bb da_has_close=\u00bbon\u00bb da_alt_close=\u00bboff\u00bb da_dark_close=\u00bboff\u00bb da_not_modal=\u00bbon\u00bb da_is_singular=\u00bboff\u00bb da_with_loader=\u00bboff\u00bb da_has_shadow=\u00bbon\u00bb][et_pb_row _builder_version=\u00bb4.16&#8243; _module_preset=\u00bbdefault\u00bb global_colors_info=\u00bb{}\u00bb][et_pb_column type=\u00bb4_4&#8243; _builder_version=\u00bb4.16&#8243; _module_preset=\u00bbdefault\u00bb global_colors_info=\u00bb{}\u00bb][et_pb_image src=\u00bbhttps:\/\/avantemedios.com\/wp-content\/uploads\/2026\/03\/Logotipo-AVANTE_trazado_blanco-scaled.png\u00bb title_text=\u00bbLogotipo AVANTE_trazado_blanco\u00bb url=\u00bbhttps:\/\/avantemedios.com\/\u00bb align=\u00bbcenter\u00bb _builder_version=\u00bb4.27.4&#8243; _module_preset=\u00bbdefault\u00bb width=\u00bb23%\u00bb global_colors_info=\u00bb{}\u00bb][\/et_pb_image][\/et_pb_column][\/et_pb_row][\/et_pb_section][et_pb_section fb_built=\u00bb1&#8243; _builder_version=\u00bb4.16&#8243; _module_preset=\u00bbdefault\u00bb custom_padding=\u00bb2px||1px|||\u00bb da_disable_devices=\u00bboff|off|off\u00bb global_colors_info=\u00bb{}\u00bb da_is_popup=\u00bboff\u00bb da_exit_intent=\u00bboff\u00bb da_has_close=\u00bbon\u00bb da_alt_close=\u00bboff\u00bb da_dark_close=\u00bboff\u00bb da_not_modal=\u00bbon\u00bb da_is_singular=\u00bboff\u00bb da_with_loader=\u00bboff\u00bb da_has_shadow=\u00bbon\u00bb][\/et_pb_section]\n","protected":false},"excerpt":{"rendered":"<p>\u00a1No te pierdas nuestro Media Day! CTV al descubierto para que descubras la revoluci\u00f3n de tu publicidad con la nueva TV<\/p>","protected":false},"author":5,"featured_media":250498,"parent":0,"menu_order":0,"comment_status":"open","ping_status":"closed","template":"page-template-blank.php","meta":{"_et_pb_use_builder":"on","_et_pb_old_content":"","_et_gb_content_width":"","_monsterinsights_skip_tracking":false,"_monsterinsights_sitenote_active":false,"_monsterinsights_sitenote_note":"","_monsterinsights_sitenote_category":0,"footnotes":""},"class_list":["post-250486","page","type-page","status-publish","has-post-thumbnail","hentry"],"aioseo_notices":[],"_links":{"self":[{"href":"https:\/\/avantemedios.com\/eu\/wp-json\/wp\/v2\/pages\/250486","targetHints":{"allow":["GET"]}}],"collection":[{"href":"https:\/\/avantemedios.com\/eu\/wp-json\/wp\/v2\/pages"}],"about":[{"href":"https:\/\/avantemedios.com\/eu\/wp-json\/wp\/v2\/types\/page"}],"author":[{"embeddable":true,"href":"https:\/\/avantemedios.com\/eu\/wp-json\/wp\/v2\/users\/5"}],"replies":[{"embeddable":true,"href":"https:\/\/avantemedios.com\/eu\/wp-json\/wp\/v2\/comments?post=250486"}],"version-history":[{"count":24,"href":"https:\/\/avantemedios.com\/eu\/wp-json\/wp\/v2\/pages\/250486\/revisions"}],"predecessor-version":[{"id":250722,"href":"https:\/\/avantemedios.com\/eu\/wp-json\/wp\/v2\/pages\/250486\/revisions\/250722"}],"wp:featuredmedia":[{"embeddable":true,"href":"https:\/\/avantemedios.com\/eu\/wp-json\/wp\/v2\/media\/250498"}],"wp:attachment":[{"href":"https:\/\/avantemedios.com\/eu\/wp-json\/wp\/v2\/media?parent=250486"}],"curies":[{"name":"wp","href":"https:\/\/api.w.org\/{rel}","templated":true}]}}